{"id":61,"date":"2020-06-25T21:30:22","date_gmt":"2020-06-26T02:30:22","guid":{"rendered":"http:\/\/10.10.9.15\/wordpress\/?page_id=61"},"modified":"2026-02-09T17:57:47","modified_gmt":"2026-02-09T23:57:47","slug":"oferta-educativa","status":"publish","type":"page","link":"https:\/\/conectate.conapred.gob.mx\/index.php\/oferta-educativa\/","title":{"rendered":"Oferta educativa"},"content":{"rendered":"<p style=\"text-align: justify;\"><span style=\"font-size: 18px;\">Actualmente se ofrecen 23 cursos autogestivos de car\u00e1cter gratuito, en los que puedes participar de acuerdo con tus intereses personales o profesionales. Est\u00e1n catalogados en cuatro secciones: <strong>un curso introductorio, diez cursos acerca de grupos hist\u00f3ricamente discriminados, diez sobre acciones para promover la igualdad y la no discriminaci\u00f3n y dos microcursos.<\/strong><\/span><\/p>\r\n<p style=\"text-align: justify;\"><span style=\"font-size: 18px;\">Se trata de cursos b\u00e1sicos donde podr\u00e1s acceder a diversas lecturas y actividades que realizar\u00e1s de forma autodidacta en un periodo de 10 d\u00edas h\u00e1biles (14 d\u00edas naturales) Durante ese tiempo, la plataforma permanece abierta las 24 horas del d\u00eda, los 7 d\u00edas de la semana. Si deseas obtener una constancia de participaci\u00f3n, es necesario aprobar todas las actividades, adem\u00e1s obtener un promedio final m\u00ednimo de 6 y contestar la encuesta de cierre. Esta avala 10 horas, y en el caso de microcursos, 5 horas.\u00a0<\/span><\/p>\r\n<p style=\"text-align: justify;\"><span style=\"font-size: 18px;\">Puedes conocer el temario de los cursos dando clic encima del nombre de cada uno de ellos:<\/span><\/p>\r\n<p><span style=\"color: #000000;\"><!-- \/wp:paragraph -->\r\n\r\n<!-- wp:paragraph {\"fontSize\":\"normal\"} --><!-- \/wp:paragraph -->\r\n\r\n<!-- wp:image {\"id\":95,\"sizeSlug\":\"large\"} --><\/span><\/p>\r\n<figure class=\"wp-block-image size-large\"><\/figure>\r\n<p><span style=\"color: #000000;\"><!-- \/wp:image -->\r\n\r\n<!-- wp:paragraph {\"customFontSize\":17} --><\/span><\/p>\r\n<p style=\"font-size: 17px; text-align: center;\"><span style=\"color: #800000; font-size: 18px;\"><strong>INTRODUCCI\u00d3N<\/strong><\/span><\/p>\r\n<p style=\"text-align: center;\"><a href=\"https:\/\/conectate.conapred.gob.mx\/index.php\/2021\/07\/27\/abc\/\" target=\"_blank\" rel=\"noopener\"><img loading=\"lazy\" decoding=\"async\" class=\"alignnone wp-image-7393 size-full\" src=\"https:\/\/conectate.conapred.gob.mx\/wp-content\/uploads\/2025\/03\/PORTADAS-CURSOS-2024.png\" alt=\"\" width=\"1338\" height=\"233\" srcset=\"https:\/\/conectate.conapred.gob.mx\/wp-content\/uploads\/2025\/03\/PORTADAS-CURSOS-2024.png 1338w, https:\/\/conectate.conapred.gob.mx\/wp-content\/uploads\/2025\/03\/PORTADAS-CURSOS-2024-300x52.png 300w, https:\/\/conectate.conapred.gob.mx\/wp-content\/uploads\/2025\/03\/PORTADAS-CURSOS-2024-1024x178.png 1024w, https:\/\/conectate.conapred.gob.mx\/wp-content\/uploads\/2025\/03\/PORTADAS-CURSOS-2024-768x134.png 768w, https:\/\/conectate.conapred.gob.mx\/wp-content\/uploads\/2025\/03\/PORTADAS-CURSOS-2024-500x87.png 500w\" sizes=\"auto, (max-width: 1338px) 100vw, 1338px\" \/><\/a><\/p>\r\n<h6 style=\"text-align: center;\">\u00a0<\/h6>\r\n<h6 style=\"text-align: center;\"><!-- \/wp:list -->\r\n\r\n<!-- wp:paragraph {\"customTextColor\":\"#872b47\",\"customFontSize\":17} --><\/h6>\r\n<p class=\"has-text-color\" style=\"color: #872b47; font-size: 17px; text-align: center;\"><span style=\"color: #800000; font-size: 18px;\"><strong>GRUPOS HIST\u00d3RICAMENTE DISCRIMINADOS<\/strong><\/span><\/p>\r\n<p style=\"text-align: center;\"><a href=\"https:\/\/conectate.conapred.gob.mx\/index.php\/2021\/07\/27\/inclusion-y-discapacidad\/\" target=\"_blank\" rel=\"noopener\"><img loading=\"lazy\" decoding=\"async\" class=\"alignnone wp-image-7550 size-full\" src=\"https:\/\/conectate.conapred.gob.mx\/wp-content\/uploads\/2025\/06\/PORTADAS-CURSOS-2024.png\" alt=\"\" width=\"1338\" height=\"234\" srcset=\"https:\/\/conectate.conapred.gob.mx\/wp-content\/uploads\/2025\/06\/PORTADAS-CURSOS-2024.png 1338w, https:\/\/conectate.conapred.gob.mx\/wp-content\/uploads\/2025\/06\/PORTADAS-CURSOS-2024-300x52.png 300w, https:\/\/conectate.conapred.gob.mx\/wp-content\/uploads\/2025\/06\/PORTADAS-CURSOS-2024-1024x179.png 1024w, https:\/\/conectate.conapred.gob.mx\/wp-content\/uploads\/2025\/06\/PORTADAS-CURSOS-2024-768x134.png 768w, https:\/\/conectate.conapred.gob.mx\/wp-content\/uploads\/2025\/06\/PORTADAS-CURSOS-2024-500x87.png 500w\" sizes=\"auto, (max-width: 1338px) 100vw, 1338px\" \/><\/a><\/p>\r\n<h4 class=\"has-text-color\" style=\"color: #872b47; font-size: 17px; text-align: center;\"><a href=\"https:\/\/conectate.conapred.gob.mx\/index.php\/2021\/07\/28\/1-2-3-por-todos-los-derechos-de-ninas-ninos-y-adolescentes-sin-discriminacion\/\" target=\"_blank\" rel=\"noopener\"><img loading=\"lazy\" decoding=\"async\" class=\"alignnone wp-image-7449 size-full\" title=\"https:\/\/conectate.conapred.gob.mx\/index.php\/2021\/07\/28\/1-2-3-por-todos-los-derechos-de-ninas-ninos-y-adolescentes-sin-discriminacion\/\" src=\"https:\/\/conectate.conapred.gob.mx\/wp-content\/uploads\/2025\/04\/PORTADAS-CURSOS-2024.png\" alt=\"\" width=\"1338\" height=\"233\" srcset=\"https:\/\/conectate.conapred.gob.mx\/wp-content\/uploads\/2025\/04\/PORTADAS-CURSOS-2024.png 1338w, https:\/\/conectate.conapred.gob.mx\/wp-content\/uploads\/2025\/04\/PORTADAS-CURSOS-2024-300x52.png 300w, https:\/\/conectate.conapred.gob.mx\/wp-content\/uploads\/2025\/04\/PORTADAS-CURSOS-2024-1024x178.png 1024w, https:\/\/conectate.conapred.gob.mx\/wp-content\/uploads\/2025\/04\/PORTADAS-CURSOS-2024-768x134.png 768w, https:\/\/conectate.conapred.gob.mx\/wp-content\/uploads\/2025\/04\/PORTADAS-CURSOS-2024-500x87.png 500w\" sizes=\"auto, (max-width: 1338px) 100vw, 1338px\" \/><\/a><\/h4>\r\n<p style=\"text-align: center;\"><a href=\"https:\/\/conectate.conapred.gob.mx\/index.php\/2021\/07\/28\/tolerancia-y-diversidad-de-creencias\/\" target=\"_blank\" rel=\"noopener\"><img loading=\"lazy\" decoding=\"async\" class=\"alignnone wp-image-1001 size-large\" src=\"https:\/\/conectate.conapred.gob.mx\/wp-content\/uploads\/2023\/02\/PRUEBA5_Mesa-de-trabajo-1-1024x178.png\" alt=\"\" width=\"584\" height=\"102\" srcset=\"https:\/\/conectate.conapred.gob.mx\/wp-content\/uploads\/2023\/02\/PRUEBA5_Mesa-de-trabajo-1-1024x178.png 1024w, https:\/\/conectate.conapred.gob.mx\/wp-content\/uploads\/2023\/02\/PRUEBA5_Mesa-de-trabajo-1-300x52.png 300w, https:\/\/conectate.conapred.gob.mx\/wp-content\/uploads\/2023\/02\/PRUEBA5_Mesa-de-trabajo-1-768x133.png 768w, https:\/\/conectate.conapred.gob.mx\/wp-content\/uploads\/2023\/02\/PRUEBA5_Mesa-de-trabajo-1-1536x267.png 1536w, https:\/\/conectate.conapred.gob.mx\/wp-content\/uploads\/2023\/02\/PRUEBA5_Mesa-de-trabajo-1-2048x356.png 2048w, https:\/\/conectate.conapred.gob.mx\/wp-content\/uploads\/2023\/02\/PRUEBA5_Mesa-de-trabajo-1-500x87.png 500w\" sizes=\"auto, (max-width: 584px) 100vw, 584px\" \/><\/a><\/p>\r\n<p style=\"text-align: center;\"><a href=\"https:\/\/conectate.conapred.gob.mx\/index.php\/2021\/07\/28\/jovenes-tolerancia-y-no-discriminacion\/\" target=\"_blank\" rel=\"noopener\"><img loading=\"lazy\" decoding=\"async\" class=\"alignnone wp-image-1009 size-large\" title=\"https:\/\/conectate.conapred.gob.mx\/index.php\/2021\/07\/28\/jovenes-tolerancia-y-no-discriminacion\/\" src=\"https:\/\/conectate.conapred.gob.mx\/wp-content\/uploads\/2023\/02\/Sin-titulo-5_Mesa-de-trabajo-1-copia-4-1024x178.png\" alt=\"jovenes \" width=\"584\" height=\"102\" srcset=\"https:\/\/conectate.conapred.gob.mx\/wp-content\/uploads\/2023\/02\/Sin-titulo-5_Mesa-de-trabajo-1-copia-4-1024x178.png 1024w, https:\/\/conectate.conapred.gob.mx\/wp-content\/uploads\/2023\/02\/Sin-titulo-5_Mesa-de-trabajo-1-copia-4-300x52.png 300w, https:\/\/conectate.conapred.gob.mx\/wp-content\/uploads\/2023\/02\/Sin-titulo-5_Mesa-de-trabajo-1-copia-4-768x133.png 768w, https:\/\/conectate.conapred.gob.mx\/wp-content\/uploads\/2023\/02\/Sin-titulo-5_Mesa-de-trabajo-1-copia-4-1536x267.png 1536w, https:\/\/conectate.conapred.gob.mx\/wp-content\/uploads\/2023\/02\/Sin-titulo-5_Mesa-de-trabajo-1-copia-4-2048x356.png 2048w, https:\/\/conectate.conapred.gob.mx\/wp-content\/uploads\/2023\/02\/Sin-titulo-5_Mesa-de-trabajo-1-copia-4-500x87.png 500w\" sizes=\"auto, (max-width: 584px) 100vw, 584px\" \/><\/a><\/p>\r\n<p style=\"text-align: center;\"><a href=\"https:\/\/conectate.conapred.gob.mx\/index.php\/2021\/07\/28\/discriminacion-a-personas-que-viven-con-vih-o-sida\/\" target=\"_blank\" rel=\"noopener\"><img loading=\"lazy\" decoding=\"async\" class=\"alignnone wp-image-1010 size-large\" title=\"https:\/\/conectate.conapred.gob.mx\/index.php\/2021\/07\/28\/discriminacion-a-personas-que-viven-con-vih-o-sida\/\" src=\"https:\/\/conectate.conapred.gob.mx\/wp-content\/uploads\/2023\/02\/Sin-titulo-5_Mesa-de-trabajo-1-copia-5-1024x178.png\" alt=\"liston rojo VIH\" width=\"584\" height=\"102\" srcset=\"https:\/\/conectate.conapred.gob.mx\/wp-content\/uploads\/2023\/02\/Sin-titulo-5_Mesa-de-trabajo-1-copia-5-1024x178.png 1024w, https:\/\/conectate.conapred.gob.mx\/wp-content\/uploads\/2023\/02\/Sin-titulo-5_Mesa-de-trabajo-1-copia-5-300x52.png 300w, https:\/\/conectate.conapred.gob.mx\/wp-content\/uploads\/2023\/02\/Sin-titulo-5_Mesa-de-trabajo-1-copia-5-768x134.png 768w, https:\/\/conectate.conapred.gob.mx\/wp-content\/uploads\/2023\/02\/Sin-titulo-5_Mesa-de-trabajo-1-copia-5-1536x267.png 1536w, https:\/\/conectate.conapred.gob.mx\/wp-content\/uploads\/2023\/02\/Sin-titulo-5_Mesa-de-trabajo-1-copia-5-2048x357.png 2048w, https:\/\/conectate.conapred.gob.mx\/wp-content\/uploads\/2023\/02\/Sin-titulo-5_Mesa-de-trabajo-1-copia-5-500x87.png 500w\" sizes=\"auto, (max-width: 584px) 100vw, 584px\" \/><\/a><\/p>\r\n<p style=\"text-align: center;\"><a href=\"https:\/\/conectate.conapred.gob.mx\/index.php\/2021\/07\/28\/migracion-y-xenofobia\/\" target=\"_blank\" rel=\"noopener\"><img loading=\"lazy\" decoding=\"async\" class=\"alignnone wp-image-1011 size-large\" title=\"https:\/\/conectate.conapred.gob.mx\/index.php\/2021\/07\/28\/migracion-y-xenofobia\/\" src=\"https:\/\/conectate.conapred.gob.mx\/wp-content\/uploads\/2023\/02\/Sin-titulo-5_Mesa-de-trabajo-1-copia-6-1024x178.png\" alt=\"MIGRANTES\" width=\"584\" height=\"102\" srcset=\"https:\/\/conectate.conapred.gob.mx\/wp-content\/uploads\/2023\/02\/Sin-titulo-5_Mesa-de-trabajo-1-copia-6-1024x178.png 1024w, https:\/\/conectate.conapred.gob.mx\/wp-content\/uploads\/2023\/02\/Sin-titulo-5_Mesa-de-trabajo-1-copia-6-300x52.png 300w, https:\/\/conectate.conapred.gob.mx\/wp-content\/uploads\/2023\/02\/Sin-titulo-5_Mesa-de-trabajo-1-copia-6-768x134.png 768w, https:\/\/conectate.conapred.gob.mx\/wp-content\/uploads\/2023\/02\/Sin-titulo-5_Mesa-de-trabajo-1-copia-6-1536x267.png 1536w, https:\/\/conectate.conapred.gob.mx\/wp-content\/uploads\/2023\/02\/Sin-titulo-5_Mesa-de-trabajo-1-copia-6-2048x357.png 2048w, https:\/\/conectate.conapred.gob.mx\/wp-content\/uploads\/2023\/02\/Sin-titulo-5_Mesa-de-trabajo-1-copia-6-500x87.png 500w\" sizes=\"auto, (max-width: 584px) 100vw, 584px\" \/><\/a><\/p>\r\n<p style=\"text-align: center;\"><a href=\"https:\/\/conectate.conapred.gob.mx\/index.php\/2021\/07\/29\/el-derecho-a-la-igualdad-y-la-no-discriminacion-de-la-poblacion-afromexicana\/\" target=\"_blank\" rel=\"noopener\"><img loading=\"lazy\" decoding=\"async\" class=\"alignnone wp-image-1012 size-large\" title=\"https:\/\/conectate.conapred.gob.mx\/index.php\/2021\/07\/29\/el-derecho-a-la-igualdad-y-la-no-discriminacion-de-la-poblacion-afromexicana\/\" src=\"https:\/\/conectate.conapred.gob.mx\/wp-content\/uploads\/2023\/02\/Sin-titulo-5_Mesa-de-trabajo-1-copia-7-1024x178.png\" alt=\"persona afromexicana\" width=\"584\" height=\"102\" srcset=\"https:\/\/conectate.conapred.gob.mx\/wp-content\/uploads\/2023\/02\/Sin-titulo-5_Mesa-de-trabajo-1-copia-7-1024x178.png 1024w, https:\/\/conectate.conapred.gob.mx\/wp-content\/uploads\/2023\/02\/Sin-titulo-5_Mesa-de-trabajo-1-copia-7-300x52.png 300w, https:\/\/conectate.conapred.gob.mx\/wp-content\/uploads\/2023\/02\/Sin-titulo-5_Mesa-de-trabajo-1-copia-7-768x133.png 768w, https:\/\/conectate.conapred.gob.mx\/wp-content\/uploads\/2023\/02\/Sin-titulo-5_Mesa-de-trabajo-1-copia-7-1536x267.png 1536w, https:\/\/conectate.conapred.gob.mx\/wp-content\/uploads\/2023\/02\/Sin-titulo-5_Mesa-de-trabajo-1-copia-7-2048x356.png 2048w, https:\/\/conectate.conapred.gob.mx\/wp-content\/uploads\/2023\/02\/Sin-titulo-5_Mesa-de-trabajo-1-copia-7-500x87.png 500w\" sizes=\"auto, (max-width: 584px) 100vw, 584px\" \/><\/a><\/p>\r\n<p style=\"text-align: center;\"><a href=\"https:\/\/conectate.conapred.gob.mx\/index.php\/2021\/07\/29\/diversidad-sexual-inclusion-y-no-discriminacion\/\" target=\"_blank\" rel=\"noopener\"><img loading=\"lazy\" decoding=\"async\" class=\"alignnone wp-image-7567 size-full\" title=\"https:\/\/conectate.conapred.gob.mx\/index.php\/2021\/07\/29\/diversidad-sexual-inclusion-y-no-discriminacion\/\" src=\"https:\/\/conectate.conapred.gob.mx\/wp-content\/uploads\/2025\/07\/PORTADAS-CURSOS-2024.png\" alt=\"\" width=\"1356\" height=\"234\" srcset=\"https:\/\/conectate.conapred.gob.mx\/wp-content\/uploads\/2025\/07\/PORTADAS-CURSOS-2024.png 1356w, https:\/\/conectate.conapred.gob.mx\/wp-content\/uploads\/2025\/07\/PORTADAS-CURSOS-2024-300x52.png 300w, https:\/\/conectate.conapred.gob.mx\/wp-content\/uploads\/2025\/07\/PORTADAS-CURSOS-2024-1024x177.png 1024w, https:\/\/conectate.conapred.gob.mx\/wp-content\/uploads\/2025\/07\/PORTADAS-CURSOS-2024-768x133.png 768w, https:\/\/conectate.conapred.gob.mx\/wp-content\/uploads\/2025\/07\/PORTADAS-CURSOS-2024-500x86.png 500w\" sizes=\"auto, (max-width: 1356px) 100vw, 1356px\" \/><\/a><\/p>\r\n<div class=\"wp-block-image\"><a href=\"https:\/\/conectate.conapred.gob.mx\/index.php\/2024\/05\/29\/los-pueblos-indigenas-y-originarios-derechos-humanos-y-no-discriminacion\/\" target=\"_blank\" rel=\"noopener\"><img loading=\"lazy\" decoding=\"async\" class=\"alignnone wp-image-7398 size-full\" src=\"https:\/\/conectate.conapred.gob.mx\/wp-content\/uploads\/2025\/03\/PORTADAS-CURSOS-2024-2.png\" alt=\"\" width=\"1338\" height=\"233\" data-warning=\"Missing alt text\" srcset=\"https:\/\/conectate.conapred.gob.mx\/wp-content\/uploads\/2025\/03\/PORTADAS-CURSOS-2024-2.png 1338w, https:\/\/conectate.conapred.gob.mx\/wp-content\/uploads\/2025\/03\/PORTADAS-CURSOS-2024-2-300x52.png 300w, https:\/\/conectate.conapred.gob.mx\/wp-content\/uploads\/2025\/03\/PORTADAS-CURSOS-2024-2-1024x178.png 1024w, https:\/\/conectate.conapred.gob.mx\/wp-content\/uploads\/2025\/03\/PORTADAS-CURSOS-2024-2-768x134.png 768w, https:\/\/conectate.conapred.gob.mx\/wp-content\/uploads\/2025\/03\/PORTADAS-CURSOS-2024-2-500x87.png 500w\" sizes=\"auto, (max-width: 1338px) 100vw, 1338px\" \/><\/a><\/div>\r\n<div>\u00a0<\/div>\r\n<div>\r\n<div class=\"wp-block-image\"><a href=\"las-mujeres-en-la-transformacion-de-la-discriminacion-y-la-desigualdad-en-defensa-de-sus-derechos-humanos\" target=\"_blank\" rel=\"noopener\"><img loading=\"lazy\" decoding=\"async\" class=\"wpa-warning wpa-image-missing-alt alignnone wp-image-7402 size-full\" src=\"https:\/\/conectate.conapred.gob.mx\/wp-content\/uploads\/2025\/03\/PORTADAS-CURSOS-2024-4.png\" alt=\"\" width=\"1338\" height=\"233\" data-warning=\"Missing alt text\" srcset=\"https:\/\/conectate.conapred.gob.mx\/wp-content\/uploads\/2025\/03\/PORTADAS-CURSOS-2024-4.png 1338w, https:\/\/conectate.conapred.gob.mx\/wp-content\/uploads\/2025\/03\/PORTADAS-CURSOS-2024-4-300x52.png 300w, https:\/\/conectate.conapred.gob.mx\/wp-content\/uploads\/2025\/03\/PORTADAS-CURSOS-2024-4-1024x178.png 1024w, https:\/\/conectate.conapred.gob.mx\/wp-content\/uploads\/2025\/03\/PORTADAS-CURSOS-2024-4-768x134.png 768w, https:\/\/conectate.conapred.gob.mx\/wp-content\/uploads\/2025\/03\/PORTADAS-CURSOS-2024-4-500x87.png 500w\" sizes=\"auto, (max-width: 1338px) 100vw, 1338px\" \/><\/a><\/div>\r\n<\/div>\r\n<div>\u00a0<\/div>\r\n<!-- \/wp:list -->\r\n\r\n<!-- wp:paragraph {\"customTextColor\":\"#e2a900\"} -->\r\n<p class=\"has-text-color\" style=\"color: #872b47; font-size: 17px; text-align: center;\"><span style=\"color: #800000; font-size: 18px;\"><strong>ACCIONES<\/strong><\/span><\/p>\r\n<p style=\"text-align: center;\"><a href=\"https:\/\/conectate.conapred.gob.mx\/index.php\/2021\/07\/29\/abc-de-la-accesibilidad-web\/\" target=\"_blank\" rel=\"noopener\"><img loading=\"lazy\" decoding=\"async\" class=\"alignnone wp-image-1014 size-large\" title=\"https:\/\/conectate.conapred.gob.mx\/index.php\/2021\/07\/29\/abc-de-la-accesibilidad-web\/\" src=\"https:\/\/conectate.conapred.gob.mx\/wp-content\/uploads\/2023\/02\/Sin-titulo-5_Mesa-de-trabajo-1-copia-9-1024x178.png\" alt=\"teclado web\" width=\"584\" height=\"102\" srcset=\"https:\/\/conectate.conapred.gob.mx\/wp-content\/uploads\/2023\/02\/Sin-titulo-5_Mesa-de-trabajo-1-copia-9-1024x178.png 1024w, https:\/\/conectate.conapred.gob.mx\/wp-content\/uploads\/2023\/02\/Sin-titulo-5_Mesa-de-trabajo-1-copia-9-300x52.png 300w, https:\/\/conectate.conapred.gob.mx\/wp-content\/uploads\/2023\/02\/Sin-titulo-5_Mesa-de-trabajo-1-copia-9-768x133.png 768w, https:\/\/conectate.conapred.gob.mx\/wp-content\/uploads\/2023\/02\/Sin-titulo-5_Mesa-de-trabajo-1-copia-9-1536x267.png 1536w, https:\/\/conectate.conapred.gob.mx\/wp-content\/uploads\/2023\/02\/Sin-titulo-5_Mesa-de-trabajo-1-copia-9-2048x356.png 2048w, https:\/\/conectate.conapred.gob.mx\/wp-content\/uploads\/2023\/02\/Sin-titulo-5_Mesa-de-trabajo-1-copia-9-500x87.png 500w\" sizes=\"auto, (max-width: 584px) 100vw, 584px\" \/><\/a><\/p>\r\n<!-- \/wp:paragraph -->\r\n\r\n<!-- wp:list -->\r\n<p style=\"text-align: center;\"><a href=\"https:\/\/conectate.conapred.gob.mx\/index.php\/2021\/07\/29\/principios-de-la-educacion-inclusiva\/\" target=\"_blank\" rel=\"noopener\"><img loading=\"lazy\" decoding=\"async\" class=\"alignnone wp-image-1015 size-large\" title=\"https:\/\/conectate.conapred.gob.mx\/index.php\/2021\/07\/29\/principios-de-la-educacion-inclusiva\/\" src=\"https:\/\/conectate.conapred.gob.mx\/wp-content\/uploads\/2023\/02\/Sin-titulo-5_Mesa-de-trabajo-1-copia-10-1024x178.png\" alt=\"manos levantadas infantes\" width=\"584\" height=\"102\" srcset=\"https:\/\/conectate.conapred.gob.mx\/wp-content\/uploads\/2023\/02\/Sin-titulo-5_Mesa-de-trabajo-1-copia-10-1024x178.png 1024w, https:\/\/conectate.conapred.gob.mx\/wp-content\/uploads\/2023\/02\/Sin-titulo-5_Mesa-de-trabajo-1-copia-10-300x52.png 300w, https:\/\/conectate.conapred.gob.mx\/wp-content\/uploads\/2023\/02\/Sin-titulo-5_Mesa-de-trabajo-1-copia-10-768x134.png 768w, https:\/\/conectate.conapred.gob.mx\/wp-content\/uploads\/2023\/02\/Sin-titulo-5_Mesa-de-trabajo-1-copia-10-1536x267.png 1536w, https:\/\/conectate.conapred.gob.mx\/wp-content\/uploads\/2023\/02\/Sin-titulo-5_Mesa-de-trabajo-1-copia-10-2048x357.png 2048w, https:\/\/conectate.conapred.gob.mx\/wp-content\/uploads\/2023\/02\/Sin-titulo-5_Mesa-de-trabajo-1-copia-10-500x87.png 500w\" sizes=\"auto, (max-width: 584px) 100vw, 584px\" \/><\/a><\/p>\r\n<p style=\"text-align: center;\"><a href=\"https:\/\/conectate.conapred.gob.mx\/index.php\/2021\/07\/29\/pautas-para-un-periodismo-incluyente\/\" target=\"_blank\" rel=\"noopener\"><img loading=\"lazy\" decoding=\"async\" class=\"alignnone wp-image-1016 size-large\" title=\"https:\/\/conectate.conapred.gob.mx\/index.php\/2021\/07\/29\/pautas-para-un-periodismo-incluyente\/\" src=\"https:\/\/conectate.conapred.gob.mx\/wp-content\/uploads\/2023\/02\/Sin-titulo-5_Mesa-de-trabajo-1-copia-11-1024x178.png\" alt=\"camara y reportero \" width=\"584\" height=\"102\" srcset=\"https:\/\/conectate.conapred.gob.mx\/wp-content\/uploads\/2023\/02\/Sin-titulo-5_Mesa-de-trabajo-1-copia-11-1024x178.png 1024w, https:\/\/conectate.conapred.gob.mx\/wp-content\/uploads\/2023\/02\/Sin-titulo-5_Mesa-de-trabajo-1-copia-11-300x52.png 300w, https:\/\/conectate.conapred.gob.mx\/wp-content\/uploads\/2023\/02\/Sin-titulo-5_Mesa-de-trabajo-1-copia-11-768x133.png 768w, https:\/\/conectate.conapred.gob.mx\/wp-content\/uploads\/2023\/02\/Sin-titulo-5_Mesa-de-trabajo-1-copia-11-1536x267.png 1536w, https:\/\/conectate.conapred.gob.mx\/wp-content\/uploads\/2023\/02\/Sin-titulo-5_Mesa-de-trabajo-1-copia-11-2048x356.png 2048w, https:\/\/conectate.conapred.gob.mx\/wp-content\/uploads\/2023\/02\/Sin-titulo-5_Mesa-de-trabajo-1-copia-11-500x87.png 500w\" sizes=\"auto, (max-width: 584px) 100vw, 584px\" \/><\/a><\/p>\r\n<p style=\"text-align: center;\"><a href=\"https:\/\/conectate.conapred.gob.mx\/index.php\/2021\/07\/29\/las-medidas-para-la-igualdad-en-el-marco-de-la-ley-federal-para-prevenir-y-eliminar-la-discriminacion\/\" target=\"_blank\" rel=\"noopener\"><img loading=\"lazy\" decoding=\"async\" class=\"alignnone wp-image-1002 size-large\" src=\"https:\/\/conectate.conapred.gob.mx\/wp-content\/uploads\/2023\/02\/Sin-titulo-5_Mesa-de-trabajo-1-copia-15-1024x178.png\" alt=\"pies en arcoiris\" width=\"584\" height=\"102\" srcset=\"https:\/\/conectate.conapred.gob.mx\/wp-content\/uploads\/2023\/02\/Sin-titulo-5_Mesa-de-trabajo-1-copia-15-1024x178.png 1024w, https:\/\/conectate.conapred.gob.mx\/wp-content\/uploads\/2023\/02\/Sin-titulo-5_Mesa-de-trabajo-1-copia-15-300x52.png 300w, https:\/\/conectate.conapred.gob.mx\/wp-content\/uploads\/2023\/02\/Sin-titulo-5_Mesa-de-trabajo-1-copia-15-768x133.png 768w, https:\/\/conectate.conapred.gob.mx\/wp-content\/uploads\/2023\/02\/Sin-titulo-5_Mesa-de-trabajo-1-copia-15-1536x267.png 1536w, https:\/\/conectate.conapred.gob.mx\/wp-content\/uploads\/2023\/02\/Sin-titulo-5_Mesa-de-trabajo-1-copia-15-2048x356.png 2048w, https:\/\/conectate.conapred.gob.mx\/wp-content\/uploads\/2023\/02\/Sin-titulo-5_Mesa-de-trabajo-1-copia-15-500x87.png 500w\" sizes=\"auto, (max-width: 584px) 100vw, 584px\" \/><\/a><\/p>\r\n<p style=\"text-align: center;\"><a href=\"https:\/\/conectate.conapred.gob.mx\/index.php\/2021\/07\/27\/claves-para-la-atencion-publica-sin-discriminacion\/\" target=\"_blank\" rel=\"noopener\"><img loading=\"lazy\" decoding=\"async\" class=\"alignnone wp-image-3496 size-full\" src=\"https:\/\/conectate.conapred.gob.mx\/wp-content\/uploads\/2024\/05\/Recursos-CLA.png\" alt=\"\" width=\"1254\" height=\"218\" srcset=\"https:\/\/conectate.conapred.gob.mx\/wp-content\/uploads\/2024\/05\/Recursos-CLA.png 1254w, https:\/\/conectate.conapred.gob.mx\/wp-content\/uploads\/2024\/05\/Recursos-CLA-300x52.png 300w, https:\/\/conectate.conapred.gob.mx\/wp-content\/uploads\/2024\/05\/Recursos-CLA-1024x178.png 1024w, https:\/\/conectate.conapred.gob.mx\/wp-content\/uploads\/2024\/05\/Recursos-CLA-768x134.png 768w, https:\/\/conectate.conapred.gob.mx\/wp-content\/uploads\/2024\/05\/Recursos-CLA-500x87.png 500w\" sizes=\"auto, (max-width: 1254px) 100vw, 1254px\" \/><\/a><\/p>\r\n<p style=\"text-align: center;\"><a href=\"https:\/\/conectate.conapred.gob.mx\/index.php\/2021\/07\/28\/prevencion-social-de-las-violencias-con-enfoque-antidiscriminatorio\/\" target=\"_blank\" rel=\"noopener\"><img loading=\"lazy\" decoding=\"async\" class=\"alignnone wp-image-1019 size-large\" src=\"https:\/\/conectate.conapred.gob.mx\/wp-content\/uploads\/2023\/02\/Sin-titulo-5_Mesa-de-trabajo-1-copia-14-1024x178.png\" alt=\"obreros de espalda\" width=\"584\" height=\"102\" srcset=\"https:\/\/conectate.conapred.gob.mx\/wp-content\/uploads\/2023\/02\/Sin-titulo-5_Mesa-de-trabajo-1-copia-14-1024x178.png 1024w, https:\/\/conectate.conapred.gob.mx\/wp-content\/uploads\/2023\/02\/Sin-titulo-5_Mesa-de-trabajo-1-copia-14-300x52.png 300w, https:\/\/conectate.conapred.gob.mx\/wp-content\/uploads\/2023\/02\/Sin-titulo-5_Mesa-de-trabajo-1-copia-14-768x133.png 768w, https:\/\/conectate.conapred.gob.mx\/wp-content\/uploads\/2023\/02\/Sin-titulo-5_Mesa-de-trabajo-1-copia-14-1536x267.png 1536w, https:\/\/conectate.conapred.gob.mx\/wp-content\/uploads\/2023\/02\/Sin-titulo-5_Mesa-de-trabajo-1-copia-14-2048x356.png 2048w, https:\/\/conectate.conapred.gob.mx\/wp-content\/uploads\/2023\/02\/Sin-titulo-5_Mesa-de-trabajo-1-copia-14-500x87.png 500w\" sizes=\"auto, (max-width: 584px) 100vw, 584px\" \/><\/a><\/p>\r\n<p style=\"text-align: center;\"><a href=\"https:\/\/conectate.conapred.gob.mx\/index.php\/2021\/07\/29\/como\/\" target=\"_blank\" rel=\"noopener\"><img loading=\"lazy\" decoding=\"async\" class=\"alignnone wp-image-1017 size-large\" src=\"https:\/\/conectate.conapred.gob.mx\/wp-content\/uploads\/2023\/02\/Sin-titulo-5_Mesa-de-trabajo-1-copia-12-1024x178.png\" alt=\"infante dibujando\" width=\"584\" height=\"102\" srcset=\"https:\/\/conectate.conapred.gob.mx\/wp-content\/uploads\/2023\/02\/Sin-titulo-5_Mesa-de-trabajo-1-copia-12-1024x178.png 1024w, https:\/\/conectate.conapred.gob.mx\/wp-content\/uploads\/2023\/02\/Sin-titulo-5_Mesa-de-trabajo-1-copia-12-300x52.png 300w, https:\/\/conectate.conapred.gob.mx\/wp-content\/uploads\/2023\/02\/Sin-titulo-5_Mesa-de-trabajo-1-copia-12-768x133.png 768w, https:\/\/conectate.conapred.gob.mx\/wp-content\/uploads\/2023\/02\/Sin-titulo-5_Mesa-de-trabajo-1-copia-12-1536x267.png 1536w, https:\/\/conectate.conapred.gob.mx\/wp-content\/uploads\/2023\/02\/Sin-titulo-5_Mesa-de-trabajo-1-copia-12-2048x356.png 2048w, https:\/\/conectate.conapred.gob.mx\/wp-content\/uploads\/2023\/02\/Sin-titulo-5_Mesa-de-trabajo-1-copia-12-500x87.png 500w\" sizes=\"auto, (max-width: 584px) 100vw, 584px\" \/><\/a><\/p>\r\n<p style=\"text-align: center;\"><a href=\"https:\/\/conectate.conapred.gob.mx\/index.php\/2021\/09\/03\/discriminacion-discursos-de-odio-y-alternativas-incluyentes\/\" target=\"_blank\" rel=\"noopener\"><img loading=\"lazy\" decoding=\"async\" class=\"alignnone wp-image-1005 size-large\" src=\"https:\/\/conectate.conapred.gob.mx\/wp-content\/uploads\/2023\/02\/Sin-titulo-5_Mesa-de-trabajo-1-copia-18-1024x178.png\" alt=\"manos diversas\" width=\"584\" height=\"102\" srcset=\"https:\/\/conectate.conapred.gob.mx\/wp-content\/uploads\/2023\/02\/Sin-titulo-5_Mesa-de-trabajo-1-copia-18-1024x178.png 1024w, https:\/\/conectate.conapred.gob.mx\/wp-content\/uploads\/2023\/02\/Sin-titulo-5_Mesa-de-trabajo-1-copia-18-300x52.png 300w, https:\/\/conectate.conapred.gob.mx\/wp-content\/uploads\/2023\/02\/Sin-titulo-5_Mesa-de-trabajo-1-copia-18-768x134.png 768w, https:\/\/conectate.conapred.gob.mx\/wp-content\/uploads\/2023\/02\/Sin-titulo-5_Mesa-de-trabajo-1-copia-18-1536x267.png 1536w, https:\/\/conectate.conapred.gob.mx\/wp-content\/uploads\/2023\/02\/Sin-titulo-5_Mesa-de-trabajo-1-copia-18-2048x357.png 2048w, https:\/\/conectate.conapred.gob.mx\/wp-content\/uploads\/2023\/02\/Sin-titulo-5_Mesa-de-trabajo-1-copia-18-500x87.png 500w\" sizes=\"auto, (max-width: 584px) 100vw, 584px\" \/><\/a><\/p>\r\n<p style=\"text-align: center;\"><a href=\"https:\/\/conectate.conapred.gob.mx\/index.php\/2021\/07\/29\/iguales-y-diferentes-la-ciudadania-en-los-procesos-electorales\/\" target=\"_blank\" rel=\"noopener\"><img loading=\"lazy\" decoding=\"async\" class=\"aligncenter wp-image-1018 size-large\" src=\"https:\/\/conectate.conapred.gob.mx\/wp-content\/uploads\/2023\/02\/Sin-titulo-5_Mesa-de-trabajo-1-copia-13-1024x178.png\" alt=\"mano leyendo braile\" width=\"584\" height=\"102\" srcset=\"https:\/\/conectate.conapred.gob.mx\/wp-content\/uploads\/2023\/02\/Sin-titulo-5_Mesa-de-trabajo-1-copia-13-1024x178.png 1024w, https:\/\/conectate.conapred.gob.mx\/wp-content\/uploads\/2023\/02\/Sin-titulo-5_Mesa-de-trabajo-1-copia-13-300x52.png 300w, https:\/\/conectate.conapred.gob.mx\/wp-content\/uploads\/2023\/02\/Sin-titulo-5_Mesa-de-trabajo-1-copia-13-768x134.png 768w, https:\/\/conectate.conapred.gob.mx\/wp-content\/uploads\/2023\/02\/Sin-titulo-5_Mesa-de-trabajo-1-copia-13-1536x267.png 1536w, https:\/\/conectate.conapred.gob.mx\/wp-content\/uploads\/2023\/02\/Sin-titulo-5_Mesa-de-trabajo-1-copia-13-2048x356.png 2048w, https:\/\/conectate.conapred.gob.mx\/wp-content\/uploads\/2023\/02\/Sin-titulo-5_Mesa-de-trabajo-1-copia-13-500x87.png 500w\" sizes=\"auto, (max-width: 584px) 100vw, 584px\" \/><\/a><a href=\"https:\/\/conectate.conapred.gob.mx\/index.php\/2024\/07\/01\/discriminacion-llaboral-y-no-discriminacion\/\" target=\"_blank\" rel=\"noopener\"><img loading=\"lazy\" decoding=\"async\" class=\"alignnone wp-image-7400 size-full\" src=\"https:\/\/conectate.conapred.gob.mx\/wp-content\/uploads\/2025\/03\/PORTADAS-CURSOS-2024-3.png\" alt=\"\" width=\"1338\" height=\"233\" srcset=\"https:\/\/conectate.conapred.gob.mx\/wp-content\/uploads\/2025\/03\/PORTADAS-CURSOS-2024-3.png 1338w, https:\/\/conectate.conapred.gob.mx\/wp-content\/uploads\/2025\/03\/PORTADAS-CURSOS-2024-3-300x52.png 300w, https:\/\/conectate.conapred.gob.mx\/wp-content\/uploads\/2025\/03\/PORTADAS-CURSOS-2024-3-1024x178.png 1024w, https:\/\/conectate.conapred.gob.mx\/wp-content\/uploads\/2025\/03\/PORTADAS-CURSOS-2024-3-768x134.png 768w, https:\/\/conectate.conapred.gob.mx\/wp-content\/uploads\/2025\/03\/PORTADAS-CURSOS-2024-3-500x87.png 500w\" sizes=\"auto, (max-width: 1338px) 100vw, 1338px\" \/><\/a><\/p>\r\n<div>\r\n<p class=\"has-text-color\" style=\"color: #872b47; font-size: 17px; text-align: center;\"><strong><span style=\"color: #800000; font-size: 18px;\">MICROCURSOS<\/span><\/strong><\/p>\r\n<h6 class=\"has-text-color\" style=\"color: #872b47; font-size: 17px; text-align: center;\"><span style=\"color: #008000;\"><strong><a href=\"https:\/\/conectate.conapred.gob.mx\/index.php\/2024\/03\/27\/el-lenguaje-incluyente-como-herramienta-para-construir-una-sociedad-antidiscriminatoria\/\" target=\"_blank\" rel=\"noopener\"><img loading=\"lazy\" decoding=\"async\" class=\"wpa-warning wpa-image-missing-alt alignnone wp-image-7396 size-full\" src=\"https:\/\/conectate.conapred.gob.mx\/wp-content\/uploads\/2025\/03\/PORTADAS-CURSOS-2024-1.png\" alt=\"\" width=\"1338\" height=\"234\" data-warning=\"Missing alt text\" srcset=\"https:\/\/conectate.conapred.gob.mx\/wp-content\/uploads\/2025\/03\/PORTADAS-CURSOS-2024-1.png 1338w, https:\/\/conectate.conapred.gob.mx\/wp-content\/uploads\/2025\/03\/PORTADAS-CURSOS-2024-1-300x52.png 300w, https:\/\/conectate.conapred.gob.mx\/wp-content\/uploads\/2025\/03\/PORTADAS-CURSOS-2024-1-1024x179.png 1024w, https:\/\/conectate.conapred.gob.mx\/wp-content\/uploads\/2025\/03\/PORTADAS-CURSOS-2024-1-768x134.png 768w, https:\/\/conectate.conapred.gob.mx\/wp-content\/uploads\/2025\/03\/PORTADAS-CURSOS-2024-1-500x87.png 500w\" sizes=\"auto, (max-width: 1338px) 100vw, 1338px\" \/><\/a><\/strong><\/span><\/h6>\r\n<p><a href=\"https:\/\/conectate.conapred.gob.mx\/index.php\/2025\/03\/24\/personas-privadas-de-libertad-y-liberadas-por-una-vida-digna-y-sin-discriminacion\/\" target=\"_blank\" rel=\"noopener\"><img loading=\"lazy\" decoding=\"async\" class=\"alignnone wp-image-7412 size-full\" src=\"https:\/\/conectate.conapred.gob.mx\/wp-content\/uploads\/2025\/03\/PORTADAS-CURSOS-2024-1-1.png\" alt=\"\" width=\"1338\" height=\"233\" srcset=\"https:\/\/conectate.conapred.gob.mx\/wp-content\/uploads\/2025\/03\/PORTADAS-CURSOS-2024-1-1.png 1338w, https:\/\/conectate.conapred.gob.mx\/wp-content\/uploads\/2025\/03\/PORTADAS-CURSOS-2024-1-1-300x52.png 300w, https:\/\/conectate.conapred.gob.mx\/wp-content\/uploads\/2025\/03\/PORTADAS-CURSOS-2024-1-1-1024x178.png 1024w, https:\/\/conectate.conapred.gob.mx\/wp-content\/uploads\/2025\/03\/PORTADAS-CURSOS-2024-1-1-768x134.png 768w, https:\/\/conectate.conapred.gob.mx\/wp-content\/uploads\/2025\/03\/PORTADAS-CURSOS-2024-1-1-500x87.png 500w\" sizes=\"auto, (max-width: 1338px) 100vw, 1338px\" \/><\/a><\/p>\r\n<\/div>","protected":false},"excerpt":{"rendered":"<p>Actualmente se ofrecen 23 cursos autogestivos de car\u00e1cter gratuito, en los que puedes participar de acuerdo con tus intereses personales o profesionales. Est\u00e1n catalogados en cuatro secciones: un curso introductorio, diez cursos acerca de grupos hist\u00f3ricamente discriminados, diez sobre acciones &hellip; <a href=\"https:\/\/conectate.conapred.gob.mx\/index.php\/oferta-educativa\/\">Sigue leyendo <span class=\"meta-nav\">&rarr;<\/span><\/a><\/p>\n","protected":false},"author":5,"featured_media":7692,"parent":0,"menu_order":0,"comment_status":"closed","ping_status":"closed","template":"","meta":{"_monsterinsights_skip_tracking":false,"_monsterinsights_sitenote_active":false,"_monsterinsights_sitenote_note":"","_monsterinsights_sitenote_category":0,"_uf_show_specific_survey":0,"_uf_disable_surveys":false,"footnotes":""},"class_list":["post-61","page","type-page","status-publish","has-post-thumbnail","hentry"],"aioseo_notices":[],"_links":{"self":[{"href":"https:\/\/conectate.conapred.gob.mx\/index.php\/wp-json\/wp\/v2\/pages\/61","targetHints":{"allow":["GET"]}}],"collection":[{"href":"https:\/\/conectate.conapred.gob.mx\/index.php\/wp-json\/wp\/v2\/pages"}],"about":[{"href":"https:\/\/conectate.conapred.gob.mx\/index.php\/wp-json\/wp\/v2\/types\/page"}],"author":[{"embeddable":true,"href":"https:\/\/conectate.conapred.gob.mx\/index.php\/wp-json\/wp\/v2\/users\/5"}],"replies":[{"embeddable":true,"href":"https:\/\/conectate.conapred.gob.mx\/index.php\/wp-json\/wp\/v2\/comments?post=61"}],"version-history":[{"count":141,"href":"https:\/\/conectate.conapred.gob.mx\/index.php\/wp-json\/wp\/v2\/pages\/61\/revisions"}],"predecessor-version":[{"id":7735,"href":"https:\/\/conectate.conapred.gob.mx\/index.php\/wp-json\/wp\/v2\/pages\/61\/revisions\/7735"}],"wp:featuredmedia":[{"embeddable":true,"href":"https:\/\/conectate.conapred.gob.mx\/index.php\/wp-json\/wp\/v2\/media\/7692"}],"wp:attachment":[{"href":"https:\/\/conectate.conapred.gob.mx\/index.php\/wp-json\/wp\/v2\/media?parent=61"}],"curies":[{"name":"wp","href":"https:\/\/api.w.org\/{rel}","templated":true}]}}